{"id":26,"date":"2015-11-22T21:30:06","date_gmt":"2015-11-22T21:30:06","guid":{"rendered":"http:\/\/mm.atletaspopularesdeplasencia.com\/?page_id=26"},"modified":"2024-10-17T10:19:07","modified_gmt":"2024-10-17T10:19:07","slug":"home","status":"publish","type":"page","link":"https:\/\/mmp.atletaspopularesdeplasencia.com\/?page_id=26","title":{"rendered":"REGLAMENTO"},"content":{"rendered":"<p><img loading=\"lazy\" decoding=\"async\" class=\"size-full wp-image-1955 aligncenter\" src=\"https:\/\/mmp.atletaspopularesdeplasencia.com\/wp-content\/uploads\/sites\/2\/2024\/10\/reglamento-mm2025.jpg\" alt=\"\" width=\"184\" height=\"184\" srcset=\"https:\/\/mmp.atletaspopularesdeplasencia.com\/wp-content\/uploads\/sites\/2\/2024\/10\/reglamento-mm2025.jpg 184w, https:\/\/mmp.atletaspopularesdeplasencia.com\/wp-content\/uploads\/sites\/2\/2024\/10\/reglamento-mm2025-150x150.jpg 150w\" sizes=\"auto, (max-width: 184px) 100vw, 184px\" \/><\/p>\n<p class=\"p1\">XI MEDIA MARAT\u00d3N POPULAR \u201cCIUDAD DE PLASENCIA\u201d<\/p>\n<p class=\"p1\"><strong>REGLAMENTO<\/strong><\/p>\n<p class=\"p2\">ART. 1\u00ba | FECHA, LUGAR Y RECORRIDO<\/p>\n<p class=\"p3\">El domingo, 2 de febrero de 2025, a las 11:00 horas se celebrar\u00e1 en la localidad de Plasencia la XI Media Marat\u00f3n Popular \u2018Ciudad de Plasencia\u2019, organizada por el Club Atletas Populares de Plasencia.<\/p>\n<p class=\"p3\">Esta prueba discurrir\u00e1 \u00edntegramente en un circuito de asfalto, adoquinado y tierra, con dificultad baja.<\/p>\n<p class=\"p3\">El circuito permanecer\u00e1 cerrado durante el desarrollo de la prueba a cualquier tipo de veh\u00edculo, excepto los autorizados por la Organizaci\u00f3n y Seguridad. Este estar\u00e1 controlado y vigilado por la Polic\u00eda Local y Protecci\u00f3n Civil, con la colaboraci\u00f3n de la Organizaci\u00f3n.<\/p>\n<p class=\"p3\">El cierre de control de la media marat\u00f3n, se efectuar\u00e1 pasadas las 2 horas y 30 minutos de la salida. La prueba contar\u00e1 con control inform\u00e1tico. La entrega de trofeos de todas las pruebas, se efectuar\u00e1 a las 14:00 horas aproximadamente.<\/p>\n<p class=\"p3\">El recorrido de la XI Media Marat\u00f3n Popular \u2018Ciudad de Plasencia\u2019 contar\u00e1 con un circuito de 21.097 metros, con salida y llegada en la Avda. de la Hispanidad.<\/p>\n<p class=\"p3\">El callejero previsto es el siguiente: Avda. de la Hispanidad (SALIDA), Avda. de Salamanca, Cruce Parque Infantil de Tr\u00e1fico, Arcos de San Ant\u00f3n, Avda. Juan Carlos I, Avda. del Puerto, Ca\u00f1ada Real, Avda. Villa La Mazuela, Avda. Las Acacias, Obispo Cipriano Calder\u00f3n Polo, Ca\u00f1ada Real, Avda. de la Hispanidad, Arcos de San Ant\u00f3n (Parque), Sor Valentina Mir\u00f3n, Puerta Berrozana, Higuerillas, Bajada San L\u00e1zaro, Puente San L\u00e1zaro, Mill\u00e1n Astray, Avda. R\u00edo Jerte, Paseo de la Ribera, Carretera de Malpartida, Paseo del Arroyo niebla, Traves\u00eda Obispo Laso (Parque El Cach\u00f3n), Paseo de R\u00edo Jerte, Puente de la Vinosilla, Parque de la Isla, Diego de Jerez, Puente Trujillo, Ca\u00f1\u00f3n de la Salud, Ancha, R\u00faa Zapater\u00eda, Plaza Mayor, Trujillo, Blanca, Plaza de la Catedral, Encarnaci\u00f3n, Talavera, Plaza Mayor, Sol, Avda. de la Salle, San Calixto, Ordenes Militares, Avda. Virgen del Puerto, Avda. de la Hispanidad (META).<\/p>\n<p class=\"p3\">Plano: (ver atletaspopularesdeplasencia.com)<\/p>\n<p class=\"p2\">ART. 2\u00ba | PARTICIPANTES<\/p>\n<p class=\"p3\">Podr\u00e1n tomar parte en la prueba todos los atletas mayores de 18 a\u00f1os que lo deseen, federados o no, contemplados en las categor\u00edas que se detallan en el art\u00edculo 3. Se garantizar\u00e1 la participaci\u00f3n de los 750 primeros inscritos. La Organizaci\u00f3n podr\u00e1 solicitar la acreditaci\u00f3n documental de la identidad y de la edad de los participantes.<\/p>\n<p class=\"p2\">ART. 3\u00ba | CATEGOR\u00cdAS (masculina\/femenina)<\/p>\n<p class=\"p3\">Se establecen las siguientes categor\u00edas, tanto en masculino como en femenino:<\/p>\n<ul>\n<li class=\"p3\">Absoluta &gt; mayores de 18 a\u00f1os y hasta 34 a\u00f1os<\/li>\n<li class=\"p3\">Veterano\/a \u201cA\u201d &gt; de 35 a 39 a\u00f1os cumplidos.<\/li>\n<li class=\"p3\">Veterano\/a \u201cB\u201d &gt; de 40 a 44 a\u00f1os cumplidos.<\/li>\n<li class=\"p3\">Veterano\/a \u201cC\u201d &gt; de 45 a 49 a\u00f1os cumplidos.<\/li>\n<li class=\"p3\">Veterano\/a \u201cD\u201d &gt; de 50 a 54 a\u00f1os cumplidos.<\/li>\n<li class=\"p3\">Veterano\/a \u201cE\u201d &gt; de 55 a\u00f1os en adelante, sin l\u00edmite de edad.<\/li>\n<li class=\"p3\">Locales &gt; Categor\u00eda Absoluta<\/li>\n<\/ul>\n<p class=\"p3\">Para ser considerado en una categor\u00eda el atleta participante debe tener la edad cumplida al d\u00eda de la prueba. En caso de cumplir a\u00f1os el mismo d\u00eda ser\u00eda de la categor\u00eda superior.<\/p>\n<p class=\"p2\">ART. 4\u00ba | INSCRIPCIONES Y FORMA DE PAGO<\/p>\n<p class=\"p3\">La cuota de inscripci\u00f3n ser\u00e1 de la siguientes:<\/p>\n<ul>\n<li class=\"p3\">16 \u20ac desde la apertura de inscripciones hasta el 31 de Diciembre de 2024 a las <span style=\"font-size: 16px;\">23:59.<\/span><\/li>\n<li class=\"p3\">20 \u20ac desde las 00:00 del d\u00eda 01 de enero de 2025 hasta el d\u00eda 24 de enero de 2025 a las 12:00.<\/li>\n<\/ul>\n<p class=\"p3\">El pago de inscripci\u00f3n se realizar\u00e1 a trav\u00e9s de la opci\u00f3n de pago elegida y de la plataforma on line correspondiente.<\/p>\n<p class=\"p3\">El orden de inscripci\u00f3n a todos los efectos ser\u00e1 el establecido en la orden de pago bancaria.<\/p>\n<p class=\"p3\">Las inscripciones se formalizar\u00e1n a trav\u00e9s de la plataforma online de Evedeport S.L. hasta el 24 de enero de 2025 a las 12:00 horas.<\/p>\n<p class=\"p3\">No se admitir\u00e1n inscripciones que no est\u00e9n debidamente cumplimentadas, las que sean ilegibles, ni las que se efect\u00faen fuera de plazo, debido al control inform\u00e1tico de la prueba. Se deber\u00e1 pagar la cuota en el momento de efectuar la inscripci\u00f3n y por ello no habr\u00e1 posibilidad de entregar ning\u00fan dorsal del que previamente no se haya ingresado la cuota.<\/p>\n<p class=\"p4\">Una vez realizada la inscripci\u00f3n no se devolver\u00e1 el importe de la misma <span class=\"s1\">bajo <\/span>ninguna circunstancia, exceptuando que la prueba fuera suspendida por las autoridades competentes<span class=\"s2\">.<\/span><\/p>\n<p class=\"p3\">Se har\u00e1 una clasificaci\u00f3n de la prueba y no figurar\u00e1 en ella el\/la corredor\/a que finalice la prueba y no est\u00e9 inscrito, ni el inscrito que no finalice la prueba.<\/p>\n<p class=\"p2\">ART. 5\u00ba | RECOGIDA DE DORSALES<\/p>\n<p class=\"p3\">Se podr\u00e1 realizar la retirada de dorsales el s\u00e1bado 1 de febrero de 2025 durante todo el d\u00eda en la tienda Joma (en horario comercial), sita en la Avenida de la Vera, n\u00famero 1 de Plasencia (C\u00e1ceres) y el mismo d\u00eda de la prueba, en la secretar\u00eda de la prueba, situada en la zona de salida y meta, en la Avda. de la Hispanidad de Plasencia o sitio que se habilite a tal efecto.<\/p>\n<p class=\"p2\">ART. 6\u00ba | TROFEOS Y MEDALLAS<\/p>\n<p class=\"p3\">Se establecen los siguientes trofeos y premios:<\/p>\n<ul>\n<li class=\"p3\">Categor\u00eda absoluta: el primero, segundo y tercer clasificados en las categor\u00edas masculina y femenina tendr\u00e1n un premio en met\u00e1lico de 150, 100 y 50 euros respectivamente.<\/li>\n<li class=\"p3\">Categor\u00eda Senior masculina y femenina: trofeo a los tres primeros\/as.<\/li>\n<li class=\"p3\">Categor\u00edas Veteranos\/as: trofeo a los tres primeros\/as clasificados\/as de cada categor\u00eda.<\/li>\n<li class=\"p3\">Equipos: Obsequio\/ regalo a los 3 equipos con mayor n\u00famero de participantes. En caso de igualdad, se sumar\u00e1n los tiempos de los cinco primeros atletas que hayan finalizado la carrera.<\/li>\n<li class=\"p3\">Local: trofeo a los tres primeros masculina y femenina.<\/li>\n<\/ul>\n<p class=\"p2\">ART. 7\u00ba | ACREDITACI\u00d3N ANTE LA ORGANIZACI\u00d3N<\/p>\n<p class=\"p3\">La organizaci\u00f3n podr\u00e1 en cualquier momento solicitar la acreditaci\u00f3n de los datos rese\u00f1ados en el formulario de inscripci\u00f3n. La irregularidad o falsificaci\u00f3n de los mismos provocar\u00e1 la descalificaci\u00f3n.<\/p>\n<p class=\"p2\">ART. 8\u00ba | CONDICIONES DE PARTICIPACI\u00d3N<\/p>\n<p class=\"p3\">Los participantes se comprometen a:<\/p>\n<p class=\"p3\">1. Aceptar estrictamente todos los art\u00edculos del presente reglamento.<\/p>\n<p class=\"p3\">2. Realizar \u00edntegramente la totalidad del recorrido determinado por la organizaci\u00f3n, respetando en todo momento las indicaciones de los jueces, servicio de organizaci\u00f3n y polic\u00eda Municipal.<\/p>\n<p class=\"p3\">3. Llevar el dorsal durante toda la prueba de manera bien visible, no dobl\u00e1ndose y respetando toda su publicidad.<\/p>\n<p class=\"p3\">4. Aceptar las posibles modificaciones de la prueba a las que la organizaci\u00f3n se vea obligada por causas ajenas a su voluntad.<\/p>\n<p class=\"p3\">5. Declarar no sufrir ning\u00fan problema de salud que les impida la pr\u00e1ctica deportiva y la disputa de esta media marat\u00f3n. Asumen como responsabilidad propia las consecuencias que puedan derivarse del incumplimiento de este punto.<\/p>\n<p class=\"p2\">ART. 9\u00ba | CONTROL DE LA PRUEBA<\/p>\n<p class=\"p3\">Para participar legalmente, estando asegurado y apareciendo en las clasificaciones, ser\u00e1 obligatorio pasar por el control de salida. La organizaci\u00f3n declina cualquier responsabilidad con aquellos corredores que no pasen dicho control o incumplan las normas emitidas por la organizaci\u00f3n y\/o jueces de la prueba. Podr\u00e1 ser descalificado cualquier atleta que: no complete el recorrido oficial de la prueba; utilice sustancias prohibidas; corra sin dorsal; corra con el dorsal de otro corredor; modifique, deteriore o manipule el dorsal asignado o no utilice el sistema de control por chip asignado por la organizaci\u00f3n.<\/p>\n<p class=\"p2\">ART. 10\u00ba | CLASIFICACIONES Y RECLAMACIONES<\/p>\n<p class=\"p3\">Las clasificaciones estar\u00e1n disponibles en la plataforma o app de inscripci\u00f3n:<\/p>\n<p class=\"p3\">www.evedeport.com<\/p>\n<p class=\"p3\">Las reclamaciones para cuestiones relacionadas con la organizaci\u00f3n de la prueba, al propio organizador y para cuestiones estrictamente deportivas al Juez \u00c1rbitro de la prueba, hasta 30 minutos despu\u00e9s de la publicaci\u00f3n oficial de los <span style=\"font-size: 16px;\">resultados, pudiendo posteriormente reclamar al jurado de apelaci\u00f3n por escrito previo <\/span>dep\u00f3sito de 60 \u20ac.<\/p>\n<p class=\"p2\">ART. 11\u00ba | SERVICIOS SANITARIOS<\/p>\n<p class=\"p3\">Habr\u00e1 un servicio sanitario de la organizaci\u00f3n durante la prueba. El control antidopaje si lo hubiese, se realizar\u00eda en el Pabell\u00f3n Municipal, situado en C\/Francisco Paniagua Loaisa, s\/n, de Plasencia (C\u00e1ceres).<\/p>\n<p class=\"p2\">ART. 12\u00ba | AVITUALLAMIENTO<\/p>\n<p class=\"p3\">Existir\u00e1 avituallamientos aproximadamente cada 5 Km en los puntos kil\u00f3metros 5, 10 y 18, provistos de agua y un avituallamiento en meta s\u00f3lido y l\u00edquido.<\/p>\n<p class=\"p2\">ART. 13\u00ba | GUARDARROPA Y DUCHAS<\/p>\n<p class=\"p3\">Habr\u00e1 un espacio destinado a guardarropa de los corredores situado en la zona de entrega de dorsales del domingo, en el Parque de Los Pinos, situado en la Avda. de la Hispanidad. Junto con la entrega del dorsal habr\u00e1 una pegatina que deber\u00e1 ponerse en la bolsa que se deje en este espacio. Para retirar las bolsas depositadas, se deber\u00e1 presentar el dorsal, no entreg\u00e1ndose ninguna bolsa sin su presentaci\u00f3n. El horario ser\u00e1 de 10:00 a 15:00 horas.<\/p>\n<p class=\"p3\">Habr\u00e1 un servicio de duchas, del cual se informar\u00e1 debidamente previo a la carrera. Para acceder se deber\u00e1 mostrar el dorsal a los empleados de dichos pabellones. El horario de duchas ser\u00e1 de 12:00 a 15:00 horas.<\/p>\n<p class=\"p2\">ART. 14\u00ba | SEGURO<\/p>\n<p class=\"p3\">Todos los participantes inscritos est\u00e1n cubiertos por una p\u00f3liza de Seguro de Accidentes y de Responsabilidad Civil de Seguros.<\/p>\n<p class=\"p3\">La organizaci\u00f3n declina toda responsabilidad de los da\u00f1os f\u00edsicos o morales que durante la participaci\u00f3n en esta prueba pueda un atleta causarse as\u00ed mismo o a terceros, por incumplimiento de las normas.<\/p>\n<p class=\"p2\">ART. 15\u00ba | OBSEQUIOS Y REGALOS<\/p>\n<p class=\"p3\">Los atletas al retirar el dorsal, recibir\u00e1n la bolsa del corredor con varios obsequios y todo aquel que finalice la prueba, recibir\u00e1 un avituallamiento s\u00f3lido y l\u00edquido.<\/p>\n<p class=\"p2\">ART. 16\u00ba | DERECHO A LA IMAGEN<\/p>\n<p class=\"p3\">El participante declara reconocer y aceptar que el organizador tiene derecho a grabar y captar im\u00e1genes fijas y animadas del evento (incluyendo su nombre y apellidos, sus palabras y su representaci\u00f3n) que aparezcan en los diferentes equipamientos (en adelante \u201cLas Pel\u00edculas y las Im\u00e1genes\u201d).<\/p>\n<p class=\"p3\">El participante declara aceptar toda explotaci\u00f3n, por parte del organizador o de un tercero autorizado, de las pel\u00edculas e im\u00e1genes y de la totalidad o una parte de su contenido o extractos para las siguientes necesidades, sin limitaci\u00f3n de duraci\u00f3n: difusi\u00f3n del evento (es decir toda difusi\u00f3n en su totalidad o en extractos, en directo o en diferido, en cualquier medio de comunicaci\u00f3n o de plataforma conocida o que se cree en el futuro, radiodifusi\u00f3n, teledifusi\u00f3n, cualquier comunicaci\u00f3n o distribuci\u00f3n m\u00f3vil, digital, en circuito cerrado o en lugares p\u00fablicos, por Internet o DVD); explotaci\u00f3n por parte de cualquier patrocinador, colaborador o proveedor del evento en sus operaciones\/campa\u00f1as de comunicaci\u00f3n institucional; promoci\u00f3n de las futuras ediciones del evento o de cualquier evento\/operaci\u00f3n asociado.<\/p>\n<p class=\"p3\">De acuerdo con lo que establece la Ley org\u00e1nica 03\/2018 del 5 de diciembre, de la protecci\u00f3n de datos personales y garant\u00eda de los derechos digitales, el participante podr\u00e1 ejercer su derecho de acceso, rectificaci\u00f3n, supresi\u00f3n, limitaci\u00f3n del tratamiento y oposici\u00f3n al tratamiento de sus datos. Para ejercitar este derecho deber\u00e1 solicitarlo por escrito al domicilio social de Atletas Populares Plasencia (C\/Bejar, 4, 10600 Plasencia, C\u00e1ceres).<\/p>\n","protected":false},"excerpt":{"rendered":"<p>XI MEDIA MARAT\u00d3N POPULAR \u201cCIUDAD DE PLASENCIA\u201d REGLAMENTO ART. 1\u00ba | FECHA, LUGAR Y RECORRIDO El domingo, 2 de febrero de 2025, a las 11:00 horas se celebrar\u00e1 en la localidad de Plasencia la XI Media Marat\u00f3n Popular \u2018Ciudad de Plasencia\u2019, organizada por el Club Atletas Populares de Plasencia. Esta prueba discurrir\u00e1 \u00edntegramente en un [&hellip;]<\/p>\n","protected":false},"author":1101,"featured_media":0,"parent":0,"menu_order":0,"comment_status":"closed","ping_status":"closed","template":"","meta":{"site-sidebar-layout":"default","site-content-layout":"","ast-site-content-layout":"default","site-content-style":"default","site-sidebar-style":"default","ast-global-header-display":"","ast-banner-title-visibility":"","ast-main-header-display":"","ast-hfb-above-header-display":"","ast-hfb-below-header-display":"","ast-hfb-mobile-header-display":"","site-post-title":"","ast-breadcrumbs-content":"","ast-featured-img":"","footer-sml-layout":"","ast-disable-related-posts":"","theme-transparent-header-meta":"default","adv-header-id-meta":"","stick-header-meta":"","header-above-stick-meta":"","header-main-stick-meta":"","header-below-stick-meta":"","astra-migrate-meta-layouts":"set","ast-page-background-enabled":"default","ast-page-background-meta":{"desktop":{"background-color":"var(--ast-global-color-4)","background-image":"","background-repeat":"repeat","background-position":"center center","background-size":"auto","background-attachment":"scroll","background-type":"","background-media":"","overlay-type":"","overlay-color":"","overlay-opacity":"","overlay-gradient":""},"tablet":{"background-color":"","background-image":"","background-repeat":"repeat","background-position":"center center","background-size":"auto","background-attachment":"scroll","background-type":"","background-media":"","overlay-type":"","overlay-color":"","overlay-opacity":"","overlay-gradient":""},"mobile":{"background-color":"","background-image":"","background-repeat":"repeat","background-position":"center center","background-size":"auto","background-attachment":"scroll","background-type":"","background-media":"","overlay-type":"","overlay-color":"","overlay-opacity":"","overlay-gradient":""}},"ast-content-background-meta":{"desktop":{"background-color":"var(--ast-global-color-5)","background-image":"","background-repeat":"repeat","background-position":"center center","background-size":"auto","background-attachment":"scroll","background-type":"","background-media":"","overlay-type":"","overlay-color":"","overlay-opacity":"","overlay-gradient":""},"tablet":{"background-color":"var(--ast-global-color-5)","background-image":"","background-repeat":"repeat","background-position":"center center","background-size":"auto","background-attachment":"scroll","background-type":"","background-media":"","overlay-type":"","overlay-color":"","overlay-opacity":"","overlay-gradient":""},"mobile":{"background-color":"var(--ast-global-color-5)","background-image":"","background-repeat":"repeat","background-position":"center center","background-size":"auto","background-attachment":"scroll","background-type":"","background-media":"","overlay-type":"","overlay-color":"","overlay-opacity":"","overlay-gradient":""}},"footnotes":""},"class_list":["post-26","page","type-page","status-publish","hentry"],"jetpack_likes_enabled":true,"jetpack_sharing_enabled":true,"jetpack_shortlink":"https:\/\/wp.me\/P6YwxC-q","post_mailing_queue_ids":[],"_links":{"self":[{"href":"https:\/\/mmp.atletaspopularesdeplasencia.com\/index.php?rest_route=\/wp\/v2\/pages\/26","targetHints":{"allow":["GET"]}}],"collection":[{"href":"https:\/\/mmp.atletaspopularesdeplasencia.com\/index.php?rest_route=\/wp\/v2\/pages"}],"about":[{"href":"https:\/\/mmp.atletaspopularesdeplasencia.com\/index.php?rest_route=\/wp\/v2\/types\/page"}],"author":[{"embeddable":true,"href":"https:\/\/mmp.atletaspopularesdeplasencia.com\/index.php?rest_route=\/wp\/v2\/users\/1101"}],"replies":[{"embeddable":true,"href":"https:\/\/mmp.atletaspopularesdeplasencia.com\/index.php?rest_route=%2Fwp%2Fv2%2Fcomments&post=26"}],"version-history":[{"count":26,"href":"https:\/\/mmp.atletaspopularesdeplasencia.com\/index.php?rest_route=\/wp\/v2\/pages\/26\/revisions"}],"predecessor-version":[{"id":1957,"href":"https:\/\/mmp.atletaspopularesdeplasencia.com\/index.php?rest_route=\/wp\/v2\/pages\/26\/revisions\/1957"}],"wp:attachment":[{"href":"https:\/\/mmp.atletaspopularesdeplasencia.com\/index.php?rest_route=%2Fwp%2Fv2%2Fmedia&parent=26"}],"curies":[{"name":"wp","href":"https:\/\/api.w.org\/{rel}","templated":true}]}}